{"id":16587,"date":"2022-01-25T15:25:49","date_gmt":"2022-01-25T14:25:49","guid":{"rendered":"https:\/\/hcbhospitales.com\/?post_type=especialidades&#038;p=16587"},"modified":"2026-09-01T10:21:45","modified_gmt":"2026-09-01T08:21:45","slug":"thoraxkirurgi","status":"publish","type":"especialidades","link":"https:\/\/hcbhospitales.com\/no\/especialidades-medicas\/thoraxkirurgi\/","title":{"rendered":"Thoraxkirurgi"},"content":{"rendered":"<p>Avdelingen for thoraxkirurgi ved HCB behandler ulike sykdommer i organene og strukturene i brystkassen. Thoraxkirurgen samarbeider med et tverrfaglig team for \u00e5 behandle alle typer sykdommer i brystkassen ved hjelp av de mest egnede teknikkene og kunnskapene. <\/p>\n\t\t<div data-elementor-type=\"section\" data-elementor-id=\"20341\" class=\"elementor elementor-20341\" data-elementor-post-type=\"elementor_library\">\n\t\t\t\t\t<section class=\"elementor-section elementor-top-section elementor-element elementor-element-ddc4ef9 elementor-section-boxed elementor-section-height-default elementor-section-height-default\" data-id=\"ddc4ef9\" data-element_type=\"section\" data-e-type=\"section\" data-settings=\"{&quot;jet_parallax_layout_list&quot;:[]}\">\n\t\t\t\t\t\t<div class=\"elementor-container elementor-column-gap-default\">\n\t\t\t\t\t<div class=\"elementor-column elementor-col-100 elementor-top-column elementor-element elementor-element-fe5e504\" data-id=\"fe5e504\" data-element_type=\"column\" data-e-type=\"column\">\n\t\t\t<div class=\"elementor-widget-wrap elementor-element-populated\">\n\t\t\t\t\t\t<div class=\"elementor-element elementor-element-783cab3 elementor-widget elementor-widget-accordion\" data-id=\"783cab3\" data-element_type=\"widget\" data-e-type=\"widget\" data-widget_type=\"accordion.default\">\n\t\t\t\t<div class=\"elementor-widget-container\">\n\t\t\t\t\t\t\t<div class=\"elementor-accordion\">\n\t\t\t\t\t\t\t<div class=\"elementor-accordion-item\">\n\t\t\t\t\t<div id=\"elementor-tab-title-1261\" class=\"elementor-tab-title\" data-tab=\"1\" role=\"button\" aria-controls=\"elementor-tab-content-1261\" aria-expanded=\"false\">\n\t\t\t\t\t\t\t\t\t\t\t\t\t<span class=\"elementor-accordion-icon elementor-accordion-icon-left\" aria-hidden=\"true\">\n\t\t\t\t\t\t\t\t\t\t\t\t\t\t\t<span class=\"elementor-accordion-icon-closed\"><svg class=\"e-font-icon-svg e-fas-plus\" viewBox=\"0 0 448 512\" xmlns=\"http:\/\/www.w3.org\/2000\/svg\"><path d=\"M416 208H272V64c0-17.67-14.33-32-32-32h-32c-17.67 0-32 14.33-32 32v144H32c-17.67 0-32 14.33-32 32v32c0 17.67 14.33 32 32 32h144v144c0 17.67 14.33 32 32 32h32c17.67 0 32-14.33 32-32V304h144c17.67 0 32-14.33 32-32v-32c0-17.67-14.33-32-32-32z\"><\/path><\/svg><\/span>\n\t\t\t\t\t\t\t\t<span class=\"elementor-accordion-icon-opened\"><svg class=\"e-font-icon-svg e-fas-minus\" viewBox=\"0 0 448 512\" xmlns=\"http:\/\/www.w3.org\/2000\/svg\"><path d=\"M416 208H32c-17.67 0-32 14.33-32 32v32c0 17.67 14.33 32 32 32h384c17.67 0 32-14.33 32-32v-32c0-17.67-14.33-32-32-32z\"><\/path><\/svg><\/span>\n\t\t\t\t\t\t\t\t\t\t\t\t\t\t<\/span>\n\t\t\t\t\t\t\t\t\t\t\t\t<a class=\"elementor-accordion-title\" tabindex=\"0\">PATOLOG\u00cdA PULMONAR<\/a>\n\t\t\t\t\t<\/div>\n\t\t\t\t\t<div id=\"elementor-tab-content-1261\" class=\"elementor-tab-content elementor-clearfix\" data-tab=\"1\" role=\"region\" aria-labelledby=\"elementor-tab-title-1261\"><ul><li>Derrames pleurales<\/li><li>Drenajes tor\u00e1cicos<\/li><li>Neumot\u00f3rax<\/li><li>Resoluci\u00f3n de fugas a\u00e9reas<\/li><li>Pleurodesis<\/li><li>Empiemas<\/li><li>Drenajes pleurales y decorticaciones<\/li><li>Tumores pulmonares benignos<\/li><li>Resecciones pulmonares limitadas<\/li><li>Tumores pulmonares malignos. Primarios y secundarios<\/li><li>Segmentectom\u00edas, lobectom\u00edas y neumonectom\u00edas<\/li><li>Tumores y trastornos pleurales<\/li><li>Bullas y enfisema pulmonar bulloso<\/li><li>Cirug\u00eda de reducci\u00f3n de volumen y resecci\u00f3n de bullas<\/li><\/ul><\/div>\n\t\t\t\t<\/div>\n\t\t\t\t\t\t\t<div class=\"elementor-accordion-item\">\n\t\t\t\t\t<div id=\"elementor-tab-title-1262\" class=\"elementor-tab-title\" data-tab=\"2\" role=\"button\" aria-controls=\"elementor-tab-content-1262\" aria-expanded=\"false\">\n\t\t\t\t\t\t\t\t\t\t\t\t\t<span class=\"elementor-accordion-icon elementor-accordion-icon-left\" aria-hidden=\"true\">\n\t\t\t\t\t\t\t\t\t\t\t\t\t\t\t<span class=\"elementor-accordion-icon-closed\"><svg class=\"e-font-icon-svg e-fas-plus\" viewBox=\"0 0 448 512\" xmlns=\"http:\/\/www.w3.org\/2000\/svg\"><path d=\"M416 208H272V64c0-17.67-14.33-32-32-32h-32c-17.67 0-32 14.33-32 32v144H32c-17.67 0-32 14.33-32 32v32c0 17.67 14.33 32 32 32h144v144c0 17.67 14.33 32 32 32h32c17.67 0 32-14.33 32-32V304h144c17.67 0 32-14.33 32-32v-32c0-17.67-14.33-32-32-32z\"><\/path><\/svg><\/span>\n\t\t\t\t\t\t\t\t<span class=\"elementor-accordion-icon-opened\"><svg class=\"e-font-icon-svg e-fas-minus\" viewBox=\"0 0 448 512\" xmlns=\"http:\/\/www.w3.org\/2000\/svg\"><path d=\"M416 208H32c-17.67 0-32 14.33-32 32v32c0 17.67 14.33 32 32 32h384c17.67 0 32-14.33 32-32v-32c0-17.67-14.33-32-32-32z\"><\/path><\/svg><\/span>\n\t\t\t\t\t\t\t\t\t\t\t\t\t\t<\/span>\n\t\t\t\t\t\t\t\t\t\t\t\t<a class=\"elementor-accordion-title\" tabindex=\"0\">PATOLOG\u00cdA DE MEDIASTINO<\/a>\n\t\t\t\t\t<\/div>\n\t\t\t\t\t<div id=\"elementor-tab-content-1262\" class=\"elementor-tab-content elementor-clearfix\" data-tab=\"2\" role=\"region\" aria-labelledby=\"elementor-tab-title-1262\"><ul><li>Miastenia Gravis y Timomas<\/li><li>Timectom\u00eda toracosc\u00f3pica m\u00ednimamente invasiva<\/li><li>Teratomas<\/li><li>Linfomas<\/li><li>Bocio endotor\u00e1cico<\/li><li>Tumores neurog\u00e9nicos, quistes broncog\u00e9nicos y otros tumores de mediastino posterior<\/li><\/ul><\/div>\n\t\t\t\t<\/div>\n\t\t\t\t\t\t\t<div class=\"elementor-accordion-item\">\n\t\t\t\t\t<div id=\"elementor-tab-title-1263\" class=\"elementor-tab-title\" data-tab=\"3\" role=\"button\" aria-controls=\"elementor-tab-content-1263\" aria-expanded=\"false\">\n\t\t\t\t\t\t\t\t\t\t\t\t\t<span class=\"elementor-accordion-icon elementor-accordion-icon-left\" aria-hidden=\"true\">\n\t\t\t\t\t\t\t\t\t\t\t\t\t\t\t<span class=\"elementor-accordion-icon-closed\"><svg class=\"e-font-icon-svg e-fas-plus\" viewBox=\"0 0 448 512\" xmlns=\"http:\/\/www.w3.org\/2000\/svg\"><path d=\"M416 208H272V64c0-17.67-14.33-32-32-32h-32c-17.67 0-32 14.33-32 32v144H32c-17.67 0-32 14.33-32 32v32c0 17.67 14.33 32 32 32h144v144c0 17.67 14.33 32 32 32h32c17.67 0 32-14.33 32-32V304h144c17.67 0 32-14.33 32-32v-32c0-17.67-14.33-32-32-32z\"><\/path><\/svg><\/span>\n\t\t\t\t\t\t\t\t<span class=\"elementor-accordion-icon-opened\"><svg class=\"e-font-icon-svg e-fas-minus\" viewBox=\"0 0 448 512\" xmlns=\"http:\/\/www.w3.org\/2000\/svg\"><path d=\"M416 208H32c-17.67 0-32 14.33-32 32v32c0 17.67 14.33 32 32 32h384c17.67 0 32-14.33 32-32v-32c0-17.67-14.33-32-32-32z\"><\/path><\/svg><\/span>\n\t\t\t\t\t\t\t\t\t\t\t\t\t\t<\/span>\n\t\t\t\t\t\t\t\t\t\t\t\t<a class=\"elementor-accordion-title\" tabindex=\"0\">PARED TOR\u00c1CICA<\/a>\n\t\t\t\t\t<\/div>\n\t\t\t\t\t<div id=\"elementor-tab-content-1263\" class=\"elementor-tab-content elementor-clearfix\" data-tab=\"3\" role=\"region\" aria-labelledby=\"elementor-tab-title-1263\"><strong>Pectus Excavatum y S\u00edndrome de Poland<\/strong>\n<ul>\n \t<li>Tratamiento ort\u00e9sico<\/li>\n \t<li>Vacuum Bell (Campana de Vac\u00edo)<\/li>\n \t<li>Tratamiento Quir\u00fargico Nuss<\/li>\n \t<li>T\u00e9cnica Ravitch<\/li>\n \t<li>Taulinoplastia<\/li>\n \t<li>Implante 3D<\/li>\n<\/ul>\n\n<strong>Pectus Carinatum<\/strong>\n<ul>\n \t<li>Tratamiento ort\u00e9sico<\/li>\n \t<li>Chaleco de compresi\u00f3n din\u00e1mica<\/li>\n \t<li>Tratamiento Quir\u00fargico<\/li>\n \t<li>Tumores de v\u00e9rtice tor\u00e1cico (Pancoast)<\/li>\n \t<li>S\u00edndrome de estrecho tor\u00e1cico y primera costilla supernumeraria<\/li>\n \t<li>Resecci\u00f3n toracosc\u00f3pica de primera costilla de invasi\u00f3n m\u00ednima<\/li>\n \t<li>Fracturas costales m\u00faltiples<\/li>\n \t<li>Reconstrucci\u00f3n de pared tor\u00e1cica<\/li>\n<\/ul>\n&nbsp;<\/div>\n\t\t\t\t<\/div>\n\t\t\t\t\t\t\t<div class=\"elementor-accordion-item\">\n\t\t\t\t\t<div id=\"elementor-tab-title-1264\" class=\"elementor-tab-title\" data-tab=\"4\" role=\"button\" aria-controls=\"elementor-tab-content-1264\" aria-expanded=\"false\">\n\t\t\t\t\t\t\t\t\t\t\t\t\t<span class=\"elementor-accordion-icon elementor-accordion-icon-left\" aria-hidden=\"true\">\n\t\t\t\t\t\t\t\t\t\t\t\t\t\t\t<span class=\"elementor-accordion-icon-closed\"><svg class=\"e-font-icon-svg e-fas-plus\" viewBox=\"0 0 448 512\" xmlns=\"http:\/\/www.w3.org\/2000\/svg\"><path d=\"M416 208H272V64c0-17.67-14.33-32-32-32h-32c-17.67 0-32 14.33-32 32v144H32c-17.67 0-32 14.33-32 32v32c0 17.67 14.33 32 32 32h144v144c0 17.67 14.33 32 32 32h32c17.67 0 32-14.33 32-32V304h144c17.67 0 32-14.33 32-32v-32c0-17.67-14.33-32-32-32z\"><\/path><\/svg><\/span>\n\t\t\t\t\t\t\t\t<span class=\"elementor-accordion-icon-opened\"><svg class=\"e-font-icon-svg e-fas-minus\" viewBox=\"0 0 448 512\" xmlns=\"http:\/\/www.w3.org\/2000\/svg\"><path d=\"M416 208H32c-17.67 0-32 14.33-32 32v32c0 17.67 14.33 32 32 32h384c17.67 0 32-14.33 32-32v-32c0-17.67-14.33-32-32-32z\"><\/path><\/svg><\/span>\n\t\t\t\t\t\t\t\t\t\t\t\t\t\t<\/span>\n\t\t\t\t\t\t\t\t\t\t\t\t<a class=\"elementor-accordion-title\" tabindex=\"0\">OTROS PROCEDIMIENTOS<\/a>\n\t\t\t\t\t<\/div>\n\t\t\t\t\t<div id=\"elementor-tab-content-1264\" class=\"elementor-tab-content elementor-clearfix\" data-tab=\"4\" role=\"region\" aria-labelledby=\"elementor-tab-title-1264\"><ul><li>Hernias diafragm\u00e1ticas<\/li><li>Cirug\u00eda abierta y toracosc\u00f3pica de incisi\u00f3n \u00fanica<\/li><li>HIPERHIDROSIS PALMAR. Simpatectom\u00eda toracosc\u00f3pica bilateral<\/li><\/ul><\/div>\n\t\t\t\t<\/div>\n\t\t\t\t\t\t\t\t<\/div>\n\t\t\t\t\t\t<\/div>\n\t\t\t\t<\/div>\n\t\t\t\t\t<\/div>\n\t\t<\/div>\n\t\t\t\t\t<\/div>\n\t\t<\/section>\n\t\t\t\t<\/div>\n\t\t\n","protected":false},"featured_media":16181,"parent":0,"template":"","estilo":[],"centros-hcb":[48,84],"class_list":["post-16587","especialidades","type-especialidades","status-publish","has-post-thumbnail","hentry","centros-hcb-hcb-denia","centros-hcb-hcb-benidorm"],"acf":[],"_links":{"self":[{"href":"https:\/\/hcbhospitales.com\/no\/wp-json\/wp\/v2\/especialidades\/16587","targetHints":{"allow":["GET"]}}],"collection":[{"href":"https:\/\/hcbhospitales.com\/no\/wp-json\/wp\/v2\/especialidades"}],"about":[{"href":"https:\/\/hcbhospitales.com\/no\/wp-json\/wp\/v2\/types\/especialidades"}],"version-history":[{"count":1,"href":"https:\/\/hcbhospitales.com\/no\/wp-json\/wp\/v2\/especialidades\/16587\/revisions"}],"predecessor-version":[{"id":31789,"href":"https:\/\/hcbhospitales.com\/no\/wp-json\/wp\/v2\/especialidades\/16587\/revisions\/31789"}],"wp:featuredmedia":[{"embeddable":true,"href":"https:\/\/hcbhospitales.com\/no\/wp-json\/wp\/v2\/media\/16181"}],"wp:attachment":[{"href":"https:\/\/hcbhospitales.com\/no\/wp-json\/wp\/v2\/media?parent=16587"}],"wp:term":[{"taxonomy":"estilo","embeddable":true,"href":"https:\/\/hcbhospitales.com\/no\/wp-json\/wp\/v2\/estilo?post=16587"},{"taxonomy":"centros-hcb","embeddable":true,"href":"https:\/\/hcbhospitales.com\/no\/wp-json\/wp\/v2\/centros-hcb?post=16587"}],"curies":[{"name":"wp","href":"https:\/\/api.w.org\/{rel}","templated":true}]}}