{"id":15403,"date":"2022-01-25T15:25:51","date_gmt":"2022-01-25T14:25:51","guid":{"rendered":"https:\/\/hcbhospitales.com\/?post_type=especialidades&#038;p=15403"},"modified":"2025-02-12T12:28:01","modified_gmt":"2025-02-12T11:28:01","slug":"oncologie-medicale","status":"publish","type":"especialidades","link":"https:\/\/hcbhospitales.com\/fr\/especialidades-medicas\/oncologie-medicale\/","title":{"rendered":"Oncologie m\u00e9dicale"},"content":{"rendered":"<p data-start=\"0\" data-end=\"53\"><strong data-start=\"0\" data-end=\"51\">Le service d\u2019Oncologie M\u00e9dicale de HCB Benidorm<\/strong><\/p>\n<p data-start=\"55\" data-end=\"551\">Le service d\u2019Oncologie M\u00e9dicale de HCB Benidorm est con\u00e7u pour offrir aux patients une prise en charge globale, innovante et de la plus haute qualit\u00e9. L\u2019engagement de HCB Hospitales envers la sant\u00e9 oncologique nous a conduits \u00e0 d\u00e9velopper une approche multidisciplinaire, o\u00f9 des sp\u00e9cialistes de diff\u00e9rentes disciplines travaillent de mani\u00e8re coordonn\u00e9e afin d\u2019offrir des diagnostics plus pr\u00e9cis, des traitements personnalis\u00e9s et un accompagnement complet tout au long du parcours de la maladie.<\/p>\n<p data-start=\"553\" data-end=\"1216\">Chez HCB, nous savons que le cancer est une maladie complexe qui affecte non seulement le patient, mais aussi son entourage familial. C\u2019est pourquoi notre service repose sur la collaboration d\u2019une \u00e9quipe hautement qualifi\u00e9e, comprenant des oncologues m\u00e9dicaux, des oncologues radioth\u00e9rapeutes, des chirurgiens sp\u00e9cialis\u00e9s, des pathologistes, des radiologues, des infirmiers sp\u00e9cialis\u00e9s en oncologie, des psychologues, des kin\u00e9sith\u00e9rapeutes et des experts en traitement de la douleur. Cette synergie permet d\u2019aborder chaque cas de mani\u00e8re unique, garantissant que chaque patient re\u00e7oive le traitement le plus adapt\u00e9 \u00e0 son diagnostic et \u00e0 ses besoins individuels.<\/p>\n<h3 data-start=\"1218\" data-end=\"1285\"><strong data-start=\"1222\" data-end=\"1283\">Technologie pour le diagnostic et le traitement du cancer<\/strong><\/h3>\n<p data-start=\"1286\" data-end=\"1860\">Nous disposons \u00e9galement de technologies de derni\u00e8re g\u00e9n\u00e9ration pour le diagnostic et le traitement du cancer, incluant des techniques d\u2019imagerie avanc\u00e9es, des biopsies de haute pr\u00e9cision, la d\u00e9tection du ganglion sentinelle, des th\u00e9rapies cibl\u00e9es, l\u2019immunoth\u00e9rapie, des proc\u00e9dures chirurgicales avanc\u00e9es et une radioth\u00e9rapie de pointe, avec un nouvel acc\u00e9l\u00e9rateur lin\u00e9aire de derni\u00e8re g\u00e9n\u00e9ration et un PET-Scan. Ces \u00e9quipements sont compl\u00e9t\u00e9s par des unit\u00e9s sp\u00e9cialis\u00e9es pour diff\u00e9rents types de tumeurs, offrant ainsi une prise en charge encore plus pr\u00e9cise et efficace.<\/p>\n<h3 data-start=\"1862\" data-end=\"1893\"><strong data-start=\"1866\" data-end=\"1891\">Soins compl\u00e9mentaires<\/strong><\/h3>\n<p data-start=\"1894\" data-end=\"2261\">Au-del\u00e0 du traitement m\u00e9dical, notre h\u00f4pital comprend que le bien-\u00eatre \u00e9motionnel et social du patient est un \u00e9l\u00e9ment cl\u00e9 de son r\u00e9tablissement. C\u2019est pourquoi nous proposons des programmes de soutien psychologique, de conseil nutritionnel, de r\u00e9\u00e9ducation et de soins palliatifs, assurant ainsi une prise en charge globale qui met la qualit\u00e9 de vie au premier plan.<\/p>\n<p data-start=\"2263\" data-end=\"2546\">Ce nouveau service repr\u00e9sente une avanc\u00e9e majeure dans la prise en charge oncologique de HCB Benidorm. Notre objectif est que chaque patient b\u00e9n\u00e9ficie d\u2019un traitement personnalis\u00e9, efficace et humain, toujours accompagn\u00e9 par une \u00e9quipe de professionnels engag\u00e9s dans son bien-\u00eatre.<\/p>\n<h3 data-start=\"2548\" data-end=\"2577\"><strong data-start=\"2552\" data-end=\"2575\">Services de soutien<\/strong><\/h3>\n<ul data-start=\"2578\" data-end=\"2838\" data-is-last-node=\"\">\n<li data-start=\"2578\" data-end=\"2623\">Service de Chirurgie G\u00e9n\u00e9rale Oncologique<\/li>\n<li data-start=\"2624\" data-end=\"2674\">Service de Chirurgie Gyn\u00e9cologique Oncologique<\/li>\n<li data-start=\"2675\" data-end=\"2710\">Service d\u2019Anatomie Pathologique<\/li>\n<li data-start=\"2711\" data-end=\"2736\">Service de Radiologie<\/li>\n<li data-start=\"2737\" data-end=\"2760\">Unit\u00e9 de la Douleur<\/li>\n<li data-start=\"2761\" data-end=\"2838\" data-is-last-node=\"\">Service d\u2019accompagnement psychologique pour les patients atteints de cancer<\/li>\n<\/ul>\n<p><img decoding=\"async\" class=\"alignnone wp-image-27815 size-thumbnail\" src=\"https:\/\/hcbhospitales.com\/wp-content\/uploads\/2022\/01\/cirugia-1-150x150.png\" alt=\"\" width=\"150\" height=\"150\" \/>\u00a0<img decoding=\"async\" class=\"alignnone wp-image-27770 size-thumbnail\" src=\"https:\/\/hcbhospitales.com\/wp-content\/uploads\/2022\/01\/psicologia-150x150.png\" alt=\"\" width=\"150\" height=\"150\" \/>\u00a0<img decoding=\"async\" class=\"alignnone wp-image-27777 size-thumbnail\" src=\"https:\/\/hcbhospitales.com\/wp-content\/uploads\/2022\/01\/unidad-de-dolor-150x150.png\" sizes=\"(max-width: 150px) 100vw, 150px\" srcset=\"https:\/\/hcbhospitales.com\/wp-content\/uploads\/2022\/01\/unidad-de-dolor-150x150.png 150w, https:\/\/hcbhospitales.com\/wp-content\/uploads\/2022\/01\/unidad-de-dolor.png 246w\" alt=\"\" width=\"150\" height=\"150\" \/>\u00a0<img loading=\"lazy\" decoding=\"async\" class=\"alignnone wp-image-27784 size-thumbnail\" src=\"https:\/\/hcbhospitales.com\/wp-content\/uploads\/2022\/01\/radiologia-150x150.png\" alt=\"\" width=\"150\" height=\"150\" \/>\u00a0<img loading=\"lazy\" decoding=\"async\" class=\"alignnone wp-image-27791 size-thumbnail\" src=\"https:\/\/hcbhospitales.com\/wp-content\/uploads\/2022\/01\/anatomia-150x150.png\" alt=\"\" width=\"150\" height=\"150\" \/>\u00a0<img loading=\"lazy\" decoding=\"async\" class=\"alignnone wp-image-27798 size-thumbnail\" src=\"https:\/\/hcbhospitales.com\/wp-content\/uploads\/2022\/01\/ginecologia-150x150.png\" alt=\"\" width=\"150\" height=\"150\" \/><\/p>\n<p>&nbsp;<\/p>\n<div class=\"flex max-w-full flex-col flex-grow\">\n<div class=\"min-h-8 text-message flex w-full flex-col items-end gap-2 whitespace-normal break-words text-start [.text-message+&amp;]:mt-5\" dir=\"auto\" data-message-author-role=\"assistant\" data-message-id=\"9300b95d-4b7d-4d25-8dea-77a7e3d86ae1\" data-message-model-slug=\"gpt-4o\">\n<div class=\"flex w-full flex-col gap-1 empty:hidden first:pt-[3px]\">\n<div class=\"markdown prose w-full break-words dark:prose-invert light\">\n<h3 data-start=\"0\" data-end=\"28\"><strong data-start=\"4\" data-end=\"26\">Comit\u00e9 des tumeurs<\/strong><\/h3>\n<p data-start=\"30\" data-end=\"161\">Organisation des soins oncologiques \u00e0 travers la participation au Comit\u00e9 Multidisciplinaire de Pathologie Tumorale de l\u2019H\u00f4pital :<\/p>\n<ul data-start=\"163\" data-end=\"252\">\n<li data-start=\"163\" data-end=\"196\">Discussion et analyse des cas<\/li>\n<li data-start=\"197\" data-end=\"242\">Orientation diagnostique et th\u00e9rapeutique<\/li>\n<li data-start=\"243\" data-end=\"252\">Suivi<\/li>\n<\/ul>\n<h3 data-start=\"254\" data-end=\"292\"><strong data-start=\"258\" data-end=\"290\">H\u00f4pital de jour HCB Benidorm<\/strong><\/h3>\n<p data-start=\"293\" data-end=\"400\">Consultations pour le diagnostic, le traitement et le suivi de tous types de patients atteints de cancer.<\/p>\n<h3 data-start=\"402\" data-end=\"441\"><strong data-start=\"406\" data-end=\"439\">\u00c9tude sp\u00e9cialis\u00e9e des tumeurs<\/strong><\/h3>\n<ul data-start=\"442\" data-end=\"1290\">\n<li data-start=\"442\" data-end=\"473\">Cancer de la t\u00eate et du cou<\/li>\n<li data-start=\"474\" data-end=\"509\">Cancer du poumon et m\u00e9diastinal<\/li>\n<li data-start=\"510\" data-end=\"628\">Cancer gastro-intestinal : \u0153sophage, estomac, foie, pancr\u00e9as, voies biliaires, intestin gr\u00eale et cancer colorectal<\/li>\n<li data-start=\"629\" data-end=\"712\">Cancer g\u00e9nito-urinaire : prostate, vessie, voies urinaires, rein, p\u00e9nis, ur\u00e8tre<\/li>\n<li data-start=\"713\" data-end=\"735\">Tumeurs germinales<\/li>\n<li data-start=\"736\" data-end=\"855\">Cancer gyn\u00e9cologique : vulve et vagin, col de l\u2019ut\u00e9rus, endom\u00e8tre, ovaire et maladie trophoblastique gestationnelle<\/li>\n<li data-start=\"856\" data-end=\"874\">Cancer du sein<\/li>\n<li data-start=\"875\" data-end=\"1093\">Tumeurs endocriniennes : thyro\u00efde, glandes surr\u00e9nales, tumeurs hypophysaires, tumeurs neuroendocrines gastro-ent\u00e9ro-pancr\u00e9atiques, tumeurs carcino\u00efdes pulmonaires et intestinaux, et n\u00e9oplasie endocrinienne multiple<\/li>\n<li data-start=\"1094\" data-end=\"1131\">Sarcome des tissus mous et des os<\/li>\n<li data-start=\"1132\" data-end=\"1148\">M\u00e9soth\u00e9liome<\/li>\n<li data-start=\"1149\" data-end=\"1215\">Tumeurs du syst\u00e8me nerveux central : c\u00e9r\u00e9brales et m\u00e9dullaires<\/li>\n<li data-start=\"1216\" data-end=\"1245\">Tumeurs associ\u00e9es au SIDA<\/li>\n<li data-start=\"1246\" data-end=\"1259\">Lymphomes<\/li>\n<li data-start=\"1260\" data-end=\"1290\">Tumeurs d\u2019origine inconnue<\/li>\n<\/ul>\n<h3 data-start=\"1292\" data-end=\"1323\"><strong data-start=\"1296\" data-end=\"1321\">Traitement de soutien<\/strong><\/h3>\n<ul data-start=\"1324\" data-end=\"1737\">\n<li data-start=\"1324\" data-end=\"1351\">Traitement anti\u00e9m\u00e9tique<\/li>\n<li data-start=\"1352\" data-end=\"1394\">Traitement avec facteurs de croissance<\/li>\n<li data-start=\"1395\" data-end=\"1456\">Deuxi\u00e8me avis de validation : diagnostic et th\u00e9rapeutique<\/li>\n<li data-start=\"1457\" data-end=\"1502\">Strat\u00e9gie bas\u00e9e sur l\u2019interdisciplinarit\u00e9<\/li>\n<li data-start=\"1503\" data-end=\"1557\">Suivi particulier des patients gu\u00e9ris \u00e0 long terme<\/li>\n<li data-start=\"1558\" data-end=\"1737\">\u00c9valuation du risque de cancer et diagnostic g\u00e9n\u00e9tique des syndromes h\u00e9r\u00e9ditaires en collaboration avec l\u2019Unit\u00e9 de Conseil G\u00e9n\u00e9tique de l\u2019H\u00f4pital G\u00e9n\u00e9ral Universitaire d\u2019Elche<\/li>\n<\/ul>\n<h3 data-start=\"1739\" data-end=\"1790\"><strong data-start=\"1743\" data-end=\"1788\">Traitements contre le cancer HCB Benidorm<\/strong><\/h3>\n<ul data-start=\"1791\" data-end=\"2151\">\n<li data-start=\"1791\" data-end=\"1857\">Administration de tous types de traitements par chimioth\u00e9rapie<\/li>\n<li data-start=\"1858\" data-end=\"1909\">Administration d\u2019anticorps et immunomodulateurs<\/li>\n<li data-start=\"1910\" data-end=\"1950\">Administration de m\u00e9dicaments cibl\u00e9s<\/li>\n<li data-start=\"1951\" data-end=\"2151\">R\u00e9alisation de techniques invasives de soutien :\n<ul data-start=\"2006\" data-end=\"2151\">\n<li data-start=\"2006\" data-end=\"2021\">Paracent\u00e8se<\/li>\n<li data-start=\"2024\" data-end=\"2040\">Transfusions<\/li>\n<li data-start=\"2043\" data-end=\"2073\">Biopsies de moelle osseuse<\/li>\n<li data-start=\"2076\" data-end=\"2151\">Soins des cath\u00e9ters et dispositifs endoveineux permanents (Port-a-Cath)<\/li>\n<\/ul>\n<\/li>\n<\/ul>\n<h3 data-start=\"2153\" data-end=\"2251\"><strong data-start=\"2157\" data-end=\"2249\">Prise en charge ambulatoire des toxicit\u00e9s s\u00e9v\u00e8res associ\u00e9es aux traitements oncologiques<\/strong><\/h3>\n<ul data-start=\"2252\" data-end=\"2286\">\n<li data-start=\"2252\" data-end=\"2268\">Neutrop\u00e9nies<\/li>\n<li data-start=\"2269\" data-end=\"2286\">Thrombop\u00e9nies<\/li>\n<\/ul>\n<h3 data-start=\"2288\" data-end=\"2370\"><strong data-start=\"2292\" data-end=\"2368\">Traitement des complications associ\u00e9es \u00e0 l\u2019\u00e9volution naturelle du cancer<\/strong><\/h3>\n<ul data-start=\"2371\" data-end=\"2524\">\n<li data-start=\"2371\" data-end=\"2397\">Compression m\u00e9dullaire<\/li>\n<li data-start=\"2398\" data-end=\"2438\">Syndrome de la veine cave sup\u00e9rieure<\/li>\n<li data-start=\"2439\" data-end=\"2524\">Chimioth\u00e9rapie sp\u00e9cifique associ\u00e9e ou non \u00e0 une radioth\u00e9rapie de haute complexit\u00e9<\/li>\n<\/ul>\n<h3 data-start=\"2526\" data-end=\"2579\"><strong data-start=\"2530\" data-end=\"2577\">Prise en charge du patient en phase avanc\u00e9e<\/strong><\/h3>\n<ul data-start=\"2580\" data-end=\"2635\">\n<li data-start=\"2580\" data-end=\"2617\">Traitement de la douleur complexe<\/li>\n<li data-start=\"2618\" data-end=\"2635\">Hypercalc\u00e9mie<\/li>\n<\/ul>\n<h3 data-start=\"2642\" data-end=\"2702\"><strong data-start=\"2646\" data-end=\"2700\">Service d\u2019Hospitalisation Oncologique HCB Benidorm<\/strong><\/h3>\n<ul data-start=\"2703\" data-end=\"3308\">\n<li data-start=\"2703\" data-end=\"2801\">Traitement des complications m\u00e9dicales s\u00e9v\u00e8res li\u00e9es \u00e0 la th\u00e9rapie ou \u00e0 la maladie oncologique<\/li>\n<li data-start=\"2802\" data-end=\"3021\">Administration de traitements ou r\u00e9alisation de proc\u00e9dures diagnostiques n\u00e9cessitant un niveau technique complexe, un risque \u00e9lev\u00e9 ou une surveillance clinique rapproch\u00e9e, ne pouvant \u00eatre r\u00e9alis\u00e9s en h\u00f4pital de jour<\/li>\n<li data-start=\"3022\" data-end=\"3191\">Prise en charge des patients en phase terminale ne pouvant \u00eatre suivis en ambulatoire ou admis dans des unit\u00e9s de soins palliatifs ou des h\u00f4pitaux de soins prolong\u00e9s<\/li>\n<li data-start=\"3192\" data-end=\"3308\">Prise en charge des patients sous chimioth\u00e9rapie ou immunoth\u00e9rapie pr\u00e9sentant une aggravation ou une comorbidit\u00e9<\/li>\n<\/ul>\n<p data-start=\"3310\" data-end=\"3521\">Pour conna\u00eetre toute l\u2019\u00e9quipe ainsi que les fonctions et traitements de chaque unit\u00e9 d\u00e9di\u00e9e \u00e0 la prise en charge du cancer \u00e0 HCB Benidorm, consultez<a href=\"https:\/\/hcbhospitales.com\/fr\/unite-de-reference\/institut-pour-le-traitement-integral-du-cancer-itic-hcb\/\"> l\u2019<strong data-start=\"3461\" data-end=\"3518\">ITIC (Institut pour le Traitement Int\u00e9gral du Cancer)<\/strong>.<\/a><\/p>\n<h3 data-start=\"3528\" data-end=\"3563\"><strong data-start=\"3532\" data-end=\"3561\">\u00c9quipe Multidisciplinaire<\/strong><\/h3>\n<h4 data-start=\"3565\" data-end=\"3604\"><strong data-start=\"3570\" data-end=\"3602\">Service d\u2019Oncologie M\u00e9dicale<\/strong><\/h4>\n<ul data-start=\"3605\" data-end=\"3672\">\n<li data-start=\"3605\" data-end=\"3640\">Dr. Fernando Del Moral Gonz\u00e1lez<\/li>\n<li data-start=\"3641\" data-end=\"3672\">Dr. Patricia Mart\u00edn Tercero<\/li>\n<\/ul>\n<h4 data-start=\"3674\" data-end=\"3723\"><strong data-start=\"3679\" data-end=\"3721\">Service d\u2019Oncologie Radioth\u00e9rapeutique<\/strong><\/h4>\n<ul data-start=\"3724\" data-end=\"3822\">\n<li data-start=\"3724\" data-end=\"3752\">Dr. Manuel Santos Ortega<\/li>\n<li data-start=\"3753\" data-end=\"3786\">Dr. Silvia Rodr\u00edguez Villalba<\/li>\n<li data-start=\"3787\" data-end=\"3822\">Dr. Diana Lucia Guevara Barrera<\/li>\n<\/ul>\n<h4 data-start=\"3824\" data-end=\"3864\"><strong data-start=\"3829\" data-end=\"3862\">Service de M\u00e9decine Nucl\u00e9aire<\/strong><\/h4>\n<ul data-start=\"3865\" data-end=\"3926\">\n<li data-start=\"3865\" data-end=\"3890\">Dr. Jaime Ort\u00edn P\u00e9rez<\/li>\n<li data-start=\"3891\" data-end=\"3926\">Dr. Denisse Rocio C\u00e1ceres Silva<\/li>\n<\/ul>\n<h4 data-start=\"3928\" data-end=\"3953\"><strong data-start=\"3933\" data-end=\"3951\">Sp\u00e9cialistes :<\/strong><\/h4>\n<ul data-start=\"3954\" data-end=\"4049\" data-is-last-node=\"\">\n<li data-start=\"3954\" data-end=\"4004\">Dr. Fernando Del Moral Gonz\u00e1lez &#8211; HCB Benidorm<\/li>\n<li data-start=\"4005\" data-end=\"4049\" data-is-last-node=\"\">Dr. Patricia Mart\u00edn Tercero &#8211; HCB Benidorm<\/li>\n<\/ul>\n<\/div>\n<\/div>\n<\/div>\n<\/div>\n<div class=\"mb-2 flex gap-3 empty:hidden -ml-2\">\n<div class=\"items-center justify-start rounded-xl p-1 flex\"><\/div>\n<\/div>\n<p>&nbsp;<\/p>\n","protected":false},"featured_media":13983,"parent":0,"template":"","estilo":[],"centros-hcb":[48,84],"class_list":["post-15403","especialidades","type-especialidades","status-publish","has-post-thumbnail","hentry","centros-hcb-hcb-denia","centros-hcb-hcb-benidorm"],"acf":[],"_links":{"self":[{"href":"https:\/\/hcbhospitales.com\/fr\/wp-json\/wp\/v2\/especialidades\/15403","targetHints":{"allow":["GET"]}}],"collection":[{"href":"https:\/\/hcbhospitales.com\/fr\/wp-json\/wp\/v2\/especialidades"}],"about":[{"href":"https:\/\/hcbhospitales.com\/fr\/wp-json\/wp\/v2\/types\/especialidades"}],"version-history":[{"count":0,"href":"https:\/\/hcbhospitales.com\/fr\/wp-json\/wp\/v2\/especialidades\/15403\/revisions"}],"wp:featuredmedia":[{"embeddable":true,"href":"https:\/\/hcbhospitales.com\/fr\/wp-json\/wp\/v2\/media\/13983"}],"wp:attachment":[{"href":"https:\/\/hcbhospitales.com\/fr\/wp-json\/wp\/v2\/media?parent=15403"}],"wp:term":[{"taxonomy":"estilo","embeddable":true,"href":"https:\/\/hcbhospitales.com\/fr\/wp-json\/wp\/v2\/estilo?post=15403"},{"taxonomy":"centros-hcb","embeddable":true,"href":"https:\/\/hcbhospitales.com\/fr\/wp-json\/wp\/v2\/centros-hcb?post=15403"}],"curies":[{"name":"wp","href":"https:\/\/api.w.org\/{rel}","templated":true}]}}